{"id":34334,"date":"2018-03-26T11:30:35","date_gmt":"2018-03-26T11:30:35","guid":{"rendered":"https:\/\/maryviviendas.es\/about-us\/"},"modified":"2022-12-07T10:29:21","modified_gmt":"2022-12-07T10:29:21","slug":"about-us","status":"publish","type":"page","link":"https:\/\/maryviviendas.es\/en\/about-us\/","title":{"rendered":"About us"},"content":{"rendered":"<p><strong><span style=\"vertical-align: inherit;\"><span style=\"vertical-align: inherit;\">Mar y Viviendas Inmobiliaria<\/span><\/span><\/strong><span style=\"vertical-align: inherit;\"><span style=\"vertical-align: inherit;\"> en Garrucha, Almer\u00eda est\u00e1 dirigida por dos j\u00f3venes y entusiastas hermanos, <\/span><\/span><strong><span style=\"vertical-align: inherit;\"><span style=\"vertical-align: inherit;\">Francisco e Isabel Carmona Martos.<\/span><\/span><\/strong><\/p>\n<p><span style=\"vertical-align: inherit;\"><span style=\"vertical-align: inherit;\">Con apenas 20 a\u00f1os de edad, en el a\u00f1o <\/span><\/span><strong><span style=\"vertical-align: inherit;\"><span style=\"vertical-align: inherit;\">2005<\/span><\/span><\/strong><span style=\"vertical-align: inherit;\"><span style=\"vertical-align: inherit;\"> decidieron dar el paso y fundar su propia Agencia Inmobiliaria. <\/span><span style=\"vertical-align: inherit;\">Desde sus comienzos, el gusto y la pasi\u00f3n por las cosas bien hechas es algo que les acompa\u00f1a en su andadura profesional, y de ah\u00ed su \u00e9xito y v\u00edctimas en esta bonita poblaci\u00f3n pesquera de Garrucha.<\/span><\/span><\/p>\n<p><strong><span style=\"vertical-align: inherit;\"><span style=\"vertical-align: inherit;\">Isabel<\/span><\/span><\/strong><span style=\"vertical-align: inherit;\"><span style=\"vertical-align: inherit;\"> , con su formaci\u00f3n acad\u00e9mica en <\/span><\/span><strong><span style=\"vertical-align: inherit;\"><span style=\"vertical-align: inherit;\">Gesti\u00f3n de Empresas de Actividades Tur\u00edsticas<\/span><\/span><\/strong><span style=\"vertical-align: inherit;\"><span style=\"vertical-align: inherit;\"> es responsable del departamento de alquileres vacacionales y larga duraci\u00f3n, y <\/span><\/span><strong><span style=\"vertical-align: inherit;\"><span style=\"vertical-align: inherit;\">Francisco<\/span><\/span><\/strong><span style=\"vertical-align: inherit;\"><span style=\"vertical-align: inherit;\"> , con su <\/span><\/span><strong><span style=\"vertical-align: inherit;\"><span style=\"vertical-align: inherit;\">amplio bagaje, conocimiento de la zona, formaci\u00f3n profesional y experiencia en el sector inmobiliario<\/span><\/span><\/strong><span style=\"vertical-align: inherit;\"><span style=\"vertical-align: inherit;\"> , forman el <\/span><\/span><strong><span style=\"vertical-align: inherit;\"><span style=\"vertical-align: inherit;\">t\u00e1ndem perfecto<\/span><\/span><\/strong><span style=\"vertical-align: inherit;\"><span style=\"vertical-align: inherit;\"> para ofrecer al cliente un <\/span><\/span><strong><span style=\"vertical-align: inherit;\"><span style=\"vertical-align: inherit;\">servicio profesional e inmejorable<\/span><\/span><\/strong><span style=\"vertical-align: inherit;\"><span style=\"vertical-align: inherit;\">.<\/span><\/span><\/p>\n<p><span style=\"vertical-align: inherit;\"><span style=\"vertical-align: inherit;\">Su \u00e9xito radica primordialmente en sus <\/span><\/span><strong><span style=\"vertical-align: inherit;\"><span style=\"vertical-align: inherit;\">valores como personas y su filosof\u00eda<\/span><\/span><\/strong><span style=\"vertical-align: inherit;\"><span style=\"vertical-align: inherit;\"> de empresa. <\/span> <span style=\"vertical-align: inherit;\">La integridad, el compromiso, la confianza, la seriedad y el esp\u00edritu de superaci\u00f3n son su raz\u00f3n de ser y motivaci\u00f3n por seguir creciendo, satisfacer y superar las necesidades y expectativas de todos nuestros clientes.<\/span><\/span><\/p>\n<p><span style=\"vertical-align: inherit;\"><span style=\"vertical-align: inherit;\">Mar y Viviendas Inmobiliaria con su enorme reputaci\u00f3n, ofrece la mayor variedad de viviendas a la venta en la poblaci\u00f3n de Garrucha, as\u00ed como Vera playa y Moj\u00e1car.<\/span><\/span><\/p>\n<p><span style=\"vertical-align: inherit;\"><span style=\"vertical-align: inherit;\">Siendo problemas que cada persona tiene unas necesidades diferentes, s\u00ed no disponemos de la vivienda que usted busca, Mar y Viviendas se esfuerza por encontrarla.<\/span><\/span><\/p>\n<p><span style=\"vertical-align: inherit;\"><span style=\"vertical-align: inherit;\">Le invitamos a visitar nuestras oficinas en C \/ Joaqu\u00edn Escobar, 41 &#8211; Garrucha (Almer\u00eda), Espa\u00f1a. <\/span><span style=\"vertical-align: inherit;\">www.maryvivendas.es<\/span><\/span><\/p>\n\n<figure class=\"wp-block-image\"><img loading=\"lazy\" decoding=\"async\" width=\"831\" height=\"768\" src=\"https:\/\/maryviviendas.es\/wp-content\/uploads\/2019\/10\/Stand-inmobiliario-1.jpg\" alt=\"\" class=\"wp-image-15954\" srcset=\"https:\/\/maryviviendas.es\/wp-content\/uploads\/2019\/10\/Stand-inmobiliario-1.jpg?v=1670414956 831w, https:\/\/maryviviendas.es\/wp-content\/uploads\/2019\/10\/Stand-inmobiliario-1-300x277.jpg?v=1670414956 300w, https:\/\/maryviviendas.es\/wp-content\/uploads\/2019\/10\/Stand-inmobiliario-1-768x710.jpg?v=1670414956 768w\" sizes=\"auto, (max-width: 831px) 100vw, 831px\" \/><\/figure>\n\n<figure class=\"wp-block-audio\"><audio controls=\"\" src=\"https:\/\/maryviviendas.es\/wp-content\/uploads\/2019\/10\/sonido-del-mar-y-sus-gaviotas-sound-effects-1.mp3\" autoplay=\"\"><\/audio><\/figure>\n","protected":false},"excerpt":{"rendered":"<p>Mar y Viviendas Inmobiliaria en Garrucha, Almer\u00eda est\u00e1 dirigida por dos j\u00f3venes y entusiastas hermanos, Francisco e Isabel Carmona Martos. Con apenas 20 a\u00f1os de edad, en el a\u00f1o 2005 decidieron dar el paso y fundar su propia Agencia Inmobiliaria. Desde sus comienzos, el gusto y la pasi\u00f3n por las cosas bien hechas es algo [&hellip;]<\/p>\n","protected":false},"author":3,"featured_media":0,"parent":0,"menu_order":0,"comment_status":"closed","ping_status":"closed","template":"","meta":{"footnotes":""},"class_list":["post-34334","page","type-page","status-publish","hentry","clearfix"],"yoast_head":"<!-- This site is optimized with the Yoast SEO plugin v27.1.1 - https:\/\/yoast.com\/product\/yoast-seo-wordpress\/ -->\n<title>About us &#8226; Mar y Viviendas<\/title>\n<meta name=\"robots\" content=\"index, follow, max-snippet:-1, max-image-preview:large, max-video-preview:-1\" \/>\n<link rel=\"canonical\" href=\"https:\/\/maryviviendas.es\/en\/about-us\/\" \/>\n<meta property=\"og:locale\" content=\"en_US\" \/>\n<meta property=\"og:type\" content=\"article\" \/>\n<meta property=\"og:title\" content=\"About us &#8226; Mar y Viviendas\" \/>\n<meta property=\"og:description\" content=\"Mar y Viviendas Inmobiliaria en Garrucha, Almer\u00eda est\u00e1 dirigida por dos j\u00f3venes y entusiastas hermanos, Francisco e Isabel Carmona Martos. Con apenas 20 a\u00f1os de edad, en el a\u00f1o 2005 decidieron dar el paso y fundar su propia Agencia Inmobiliaria. Desde sus comienzos, el gusto y la pasi\u00f3n por las cosas bien hechas es algo [&hellip;]\" \/>\n<meta property=\"og:url\" content=\"https:\/\/maryviviendas.es\/en\/about-us\/\" \/>\n<meta property=\"og:site_name\" content=\"Mar y Viviendas\" \/>\n<meta property=\"article:publisher\" content=\"https:\/\/www.facebook.com\/maryviviendas\/\" \/>\n<meta property=\"article:modified_time\" content=\"2022-12-07T10:29:21+00:00\" \/>\n<meta property=\"og:image\" content=\"https:\/\/maryviviendas.es\/wp-content\/uploads\/2019\/10\/Stand-inmobiliario-1.jpg\" \/>\n<meta name=\"twitter:card\" content=\"summary_large_image\" \/>\n<meta name=\"twitter:label1\" content=\"Est. reading time\" \/>\n\t<meta name=\"twitter:data1\" content=\"1 minute\" \/>\n<script type=\"application\/ld+json\" class=\"yoast-schema-graph\">{\"@context\":\"https:\/\/schema.org\",\"@graph\":[{\"@type\":\"WebPage\",\"@id\":\"https:\/\/maryviviendas.es\/en\/about-us\/\",\"url\":\"https:\/\/maryviviendas.es\/en\/about-us\/\",\"name\":\"About us &#8226; Mar y Viviendas\",\"isPartOf\":{\"@id\":\"https:\/\/maryviviendas.es\/en\/#website\"},\"primaryImageOfPage\":{\"@id\":\"https:\/\/maryviviendas.es\/en\/about-us\/#primaryimage\"},\"image\":{\"@id\":\"https:\/\/maryviviendas.es\/en\/about-us\/#primaryimage\"},\"thumbnailUrl\":\"https:\/\/maryviviendas.es\/wp-content\/uploads\/2019\/10\/Stand-inmobiliario-1.jpg\",\"datePublished\":\"2018-03-26T11:30:35+00:00\",\"dateModified\":\"2022-12-07T10:29:21+00:00\",\"breadcrumb\":{\"@id\":\"https:\/\/maryviviendas.es\/en\/about-us\/#breadcrumb\"},\"inLanguage\":\"en-US\",\"potentialAction\":[{\"@type\":\"ReadAction\",\"target\":[\"https:\/\/maryviviendas.es\/en\/about-us\/\"]}]},{\"@type\":\"ImageObject\",\"inLanguage\":\"en-US\",\"@id\":\"https:\/\/maryviviendas.es\/en\/about-us\/#primaryimage\",\"url\":\"https:\/\/maryviviendas.es\/wp-content\/uploads\/2019\/10\/Stand-inmobiliario-1.jpg\",\"contentUrl\":\"https:\/\/maryviviendas.es\/wp-content\/uploads\/2019\/10\/Stand-inmobiliario-1.jpg\"},{\"@type\":\"BreadcrumbList\",\"@id\":\"https:\/\/maryviviendas.es\/en\/about-us\/#breadcrumb\",\"itemListElement\":[{\"@type\":\"ListItem\",\"position\":1,\"name\":\"Portada\",\"item\":\"https:\/\/maryviviendas.es\/en\/home\/\"},{\"@type\":\"ListItem\",\"position\":2,\"name\":\"About us\"}]},{\"@type\":\"WebSite\",\"@id\":\"https:\/\/maryviviendas.es\/en\/#website\",\"url\":\"https:\/\/maryviviendas.es\/en\/\",\"name\":\"Mar y Viviendas\",\"description\":\"Donde el mar se encuentra con tu hogar\",\"publisher\":{\"@id\":\"https:\/\/maryviviendas.es\/en\/#organization\"},\"alternateName\":\"MaryViviendas\",\"potentialAction\":[{\"@type\":\"SearchAction\",\"target\":{\"@type\":\"EntryPoint\",\"urlTemplate\":\"https:\/\/maryviviendas.es\/en\/?s={search_term_string}\"},\"query-input\":{\"@type\":\"PropertyValueSpecification\",\"valueRequired\":true,\"valueName\":\"search_term_string\"}}],\"inLanguage\":\"en-US\"},{\"@type\":\"Organization\",\"@id\":\"https:\/\/maryviviendas.es\/en\/#organization\",\"name\":\"Mar y Viviendas Inmobiliaria\",\"alternateName\":\"Mar & Viviendas\",\"url\":\"https:\/\/maryviviendas.es\/en\/\",\"logo\":{\"@type\":\"ImageObject\",\"inLanguage\":\"en-US\",\"@id\":\"https:\/\/maryviviendas.es\/en\/#\/schema\/logo\/image\/\",\"url\":\"https:\/\/maryviviendas.es\/wp-content\/uploads\/2025\/09\/cropped-02.jpg\",\"contentUrl\":\"https:\/\/maryviviendas.es\/wp-content\/uploads\/2025\/09\/cropped-02.jpg\",\"width\":512,\"height\":512,\"caption\":\"Mar y Viviendas Inmobiliaria\"},\"image\":{\"@id\":\"https:\/\/maryviviendas.es\/en\/#\/schema\/logo\/image\/\"},\"sameAs\":[\"https:\/\/www.facebook.com\/maryviviendas\/\"]}]}<\/script>\n<!-- \/ Yoast SEO plugin. -->","yoast_head_json":{"title":"About us &#8226; Mar y Viviendas","robots":{"index":"index","follow":"follow","max-snippet":"max-snippet:-1","max-image-preview":"max-image-preview:large","max-video-preview":"max-video-preview:-1"},"canonical":"https:\/\/maryviviendas.es\/en\/about-us\/","og_locale":"en_US","og_type":"article","og_title":"About us &#8226; Mar y Viviendas","og_description":"Mar y Viviendas Inmobiliaria en Garrucha, Almer\u00eda est\u00e1 dirigida por dos j\u00f3venes y entusiastas hermanos, Francisco e Isabel Carmona Martos. Con apenas 20 a\u00f1os de edad, en el a\u00f1o 2005 decidieron dar el paso y fundar su propia Agencia Inmobiliaria. Desde sus comienzos, el gusto y la pasi\u00f3n por las cosas bien hechas es algo [&hellip;]","og_url":"https:\/\/maryviviendas.es\/en\/about-us\/","og_site_name":"Mar y Viviendas","article_publisher":"https:\/\/www.facebook.com\/maryviviendas\/","article_modified_time":"2022-12-07T10:29:21+00:00","og_image":[{"url":"https:\/\/maryviviendas.es\/wp-content\/uploads\/2019\/10\/Stand-inmobiliario-1.jpg","type":"","width":"","height":""}],"twitter_card":"summary_large_image","twitter_misc":{"Est. reading time":"1 minute"},"schema":{"@context":"https:\/\/schema.org","@graph":[{"@type":"WebPage","@id":"https:\/\/maryviviendas.es\/en\/about-us\/","url":"https:\/\/maryviviendas.es\/en\/about-us\/","name":"About us &#8226; Mar y Viviendas","isPartOf":{"@id":"https:\/\/maryviviendas.es\/en\/#website"},"primaryImageOfPage":{"@id":"https:\/\/maryviviendas.es\/en\/about-us\/#primaryimage"},"image":{"@id":"https:\/\/maryviviendas.es\/en\/about-us\/#primaryimage"},"thumbnailUrl":"https:\/\/maryviviendas.es\/wp-content\/uploads\/2019\/10\/Stand-inmobiliario-1.jpg","datePublished":"2018-03-26T11:30:35+00:00","dateModified":"2022-12-07T10:29:21+00:00","breadcrumb":{"@id":"https:\/\/maryviviendas.es\/en\/about-us\/#breadcrumb"},"inLanguage":"en-US","potentialAction":[{"@type":"ReadAction","target":["https:\/\/maryviviendas.es\/en\/about-us\/"]}]},{"@type":"ImageObject","inLanguage":"en-US","@id":"https:\/\/maryviviendas.es\/en\/about-us\/#primaryimage","url":"https:\/\/maryviviendas.es\/wp-content\/uploads\/2019\/10\/Stand-inmobiliario-1.jpg","contentUrl":"https:\/\/maryviviendas.es\/wp-content\/uploads\/2019\/10\/Stand-inmobiliario-1.jpg"},{"@type":"BreadcrumbList","@id":"https:\/\/maryviviendas.es\/en\/about-us\/#breadcrumb","itemListElement":[{"@type":"ListItem","position":1,"name":"Portada","item":"https:\/\/maryviviendas.es\/en\/home\/"},{"@type":"ListItem","position":2,"name":"About us"}]},{"@type":"WebSite","@id":"https:\/\/maryviviendas.es\/en\/#website","url":"https:\/\/maryviviendas.es\/en\/","name":"Mar y Viviendas","description":"Donde el mar se encuentra con tu hogar","publisher":{"@id":"https:\/\/maryviviendas.es\/en\/#organization"},"alternateName":"MaryViviendas","potentialAction":[{"@type":"SearchAction","target":{"@type":"EntryPoint","urlTemplate":"https:\/\/maryviviendas.es\/en\/?s={search_term_string}"},"query-input":{"@type":"PropertyValueSpecification","valueRequired":true,"valueName":"search_term_string"}}],"inLanguage":"en-US"},{"@type":"Organization","@id":"https:\/\/maryviviendas.es\/en\/#organization","name":"Mar y Viviendas Inmobiliaria","alternateName":"Mar & Viviendas","url":"https:\/\/maryviviendas.es\/en\/","logo":{"@type":"ImageObject","inLanguage":"en-US","@id":"https:\/\/maryviviendas.es\/en\/#\/schema\/logo\/image\/","url":"https:\/\/maryviviendas.es\/wp-content\/uploads\/2025\/09\/cropped-02.jpg","contentUrl":"https:\/\/maryviviendas.es\/wp-content\/uploads\/2025\/09\/cropped-02.jpg","width":512,"height":512,"caption":"Mar y Viviendas Inmobiliaria"},"image":{"@id":"https:\/\/maryviviendas.es\/en\/#\/schema\/logo\/image\/"},"sameAs":["https:\/\/www.facebook.com\/maryviviendas\/"]}]}},"_links":{"self":[{"href":"https:\/\/maryviviendas.es\/en\/wp-json\/wp\/v2\/pages\/34334","targetHints":{"allow":["GET"]}}],"collection":[{"href":"https:\/\/maryviviendas.es\/en\/wp-json\/wp\/v2\/pages"}],"about":[{"href":"https:\/\/maryviviendas.es\/en\/wp-json\/wp\/v2\/types\/page"}],"author":[{"embeddable":true,"href":"https:\/\/maryviviendas.es\/en\/wp-json\/wp\/v2\/users\/3"}],"replies":[{"embeddable":true,"href":"https:\/\/maryviviendas.es\/en\/wp-json\/wp\/v2\/comments?post=34334"}],"version-history":[{"count":1,"href":"https:\/\/maryviviendas.es\/en\/wp-json\/wp\/v2\/pages\/34334\/revisions"}],"predecessor-version":[{"id":34335,"href":"https:\/\/maryviviendas.es\/en\/wp-json\/wp\/v2\/pages\/34334\/revisions\/34335"}],"wp:attachment":[{"href":"https:\/\/maryviviendas.es\/en\/wp-json\/wp\/v2\/media?parent=34334"}],"curies":[{"name":"wp","href":"https:\/\/api.w.org\/{rel}","templated":true}]}}